{"id":18485,"date":"2022-08-24T15:56:51","date_gmt":"2022-08-24T13:56:51","guid":{"rendered":"https:\/\/www.kulturzentrum.greifswald.de\/kontakt\/nadruk\/"},"modified":"2022-08-24T15:56:53","modified_gmt":"2022-08-24T13:56:53","slug":"nadruk","status":"publish","type":"page","link":"https:\/\/www.kulturzentrum.greifswald.de\/pl\/kontakt\/nadruk\/","title":{"rendered":"Nadruk"},"content":{"rendered":"<p>Us\u0142ugodawca w rozumieniu niemieckiej ustawy o danych us\u0142ugach telefonicznych (Teledienstdatengesetz)<br \/>\noraz Traktatu mi\u0119dzypa\u0144stwowego o us\u0142ugach medialnych:<\/p>\n<p><a href=\"http:\/\/www.greifswald.de\" target=\"_blank\" rel=\"noopener noreferrer\">Uniwersytet i miasto hanzeatyckie Greifswald<\/a><br \/>\nLord Mayor<br \/>\nBiuro Edukacji, Kultury i Sportu<br \/>\nWydzia\u0142 Kultury<br \/>\nCentrum Spo\u0142eczno-Kulturalne \u015bw. Ducha<br \/>\nPani Freiberg<br \/>\nD\u0142uga droga 49\/51<br \/>\n17489 Greifswald<\/p>\n<p align=\"justify\">Adres pocztowy<br \/>\nPF 3153<br \/>\n17461 Greifswald<br \/>\nTel. 03834 8536-4444<b><br \/>\n<\/b>Fax 03834 8536-4442<br \/>\nE-mail <a href=\"mailto:st.spiritus@greifswald.de\">st.spiritus@greifswald.de<\/a> <a href=\"mailto:st.spiritus@greifswald.de\"><br \/>\n<\/a><br \/>\nUk\u0142ad strony internetowej kulturzentrum.greifswald.de, jak r\u00f3wnie\u017c wykorzystane wk\u0142ady, grafiki, teksty i zbiory danych s\u0105 chronione prawem autorskim. Mirroring lub wy\u015bwietlanie w ramach zewn\u0119trznych ramek jest zabronione bez pisemnej zgody. Przechowywanie i powielanie tre\u015bci na innych stronach internetowych oraz link\u00f3w do naszych stron jest dozwolone tylko za pisemn\u0105 zgod\u0105, chyba \u017ce w poszczeg\u00f3lnych przypadkach wyra\u017anie powo\u0142ano si\u0119 na inne przepisy.<\/p>\n<p align=\"justify\">Jako dostawca tre\u015bci ponosimy odpowiedzialno\u015b\u0107 za tre\u015bci zawarte na tej stronie internetowej zgodnie z \u00a7 8 ust. 1. ustawy o us\u0142ugach telekomunikacyjnych z dnia 22.07.1997 r. w wersji z ostatni\u0105 zmian\u0105 z dnia 14.12.2001 r. (TDG) dla &#8222;tre\u015bci w\u0142asnych&#8221;, kt\u00f3re udost\u0119pniamy do u\u017cytku, zgodnie z przepisami og\u00f3lnymi. Nale\u017cy odr\u00f3\u017cni\u0107 te tre\u015bci od odsy\u0142aczy (&#8222;link\u00f3w&#8221;) do tre\u015bci udost\u0119pnianych przez innych dostawc\u00f3w. Za te tre\u015bci zewn\u0119trzne odpowiadamy tylko wtedy, gdy mamy o nich pozytywn\u0105 wiedz\u0119 (tzn. tak\u017ce o tre\u015bciach bezprawnych lub przest\u0119pczych), a zapobie\u017cenie ich wykorzystaniu jest dla nas technicznie mo\u017cliwe i uzasadnione.<\/p>\n<p align=\"justify\">Zgodnie z niemieck\u0105 ustaw\u0105 o us\u0142ugach telefonicznych (Teledienstgesetz) nie jeste\u015bmy zobowi\u0105zani do sta\u0142ego sprawdzania tre\u015bci, na kt\u00f3re powo\u0142ujemy si\u0119 w naszej ofercie, co mog\u0142oby spowodowa\u0107 powstanie nowej odpowiedzialno\u015bci (\u00a7 8 ust. 2 TDK). Tylko wtedy, gdy stwierdzimy lub zostaniemy poinformowani przez inne osoby, \u017ce konkretna oferta, do kt\u00f3rej podali\u015bmy &#8222;link&#8221;, poci\u0105ga za sob\u0105 odpowiedzialno\u015b\u0107 cywiln\u0105 lub karn\u0105, usuniemy &#8222;link&#8221; do tej oferty, o ile b\u0119dzie to dla nas technicznie mo\u017cliwe i uzasadnione.<\/p>\n<p>&nbsp;<\/p>\n","protected":false},"excerpt":{"rendered":"<p>Us\u0142ugodawca w rozumieniu niemieckiej ustawy o danych us\u0142ugach telefonicznych (Teledienstdatengesetz) oraz Traktatu mi\u0119dzypa\u0144stwowego o us\u0142ugach medialnych: Uniwersytet i miasto hanzeatyckie Greifswald Lord Mayor Biuro Edukacji, Kultury i Sportu Wydzia\u0142 Kultury [&hellip;]<\/p>\n","protected":false},"author":7,"featured_media":0,"parent":16943,"menu_order":10,"comment_status":"closed","ping_status":"closed","template":"","meta":{"_et_pb_use_builder":"","_et_pb_old_content":"","_et_gb_content_width":""},"acf":[],"_links":{"self":[{"href":"https:\/\/www.kulturzentrum.greifswald.de\/pl\/wp-json\/wp\/v2\/pages\/18485"}],"collection":[{"href":"https:\/\/www.kulturzentrum.greifswald.de\/pl\/wp-json\/wp\/v2\/pages"}],"about":[{"href":"https:\/\/www.kulturzentrum.greifswald.de\/pl\/wp-json\/wp\/v2\/types\/page"}],"author":[{"embeddable":true,"href":"https:\/\/www.kulturzentrum.greifswald.de\/pl\/wp-json\/wp\/v2\/users\/7"}],"replies":[{"embeddable":true,"href":"https:\/\/www.kulturzentrum.greifswald.de\/pl\/wp-json\/wp\/v2\/comments?post=18485"}],"version-history":[{"count":0,"href":"https:\/\/www.kulturzentrum.greifswald.de\/pl\/wp-json\/wp\/v2\/pages\/18485\/revisions"}],"up":[{"embeddable":true,"href":"https:\/\/www.kulturzentrum.greifswald.de\/pl\/wp-json\/wp\/v2\/pages\/16943"}],"wp:attachment":[{"href":"https:\/\/www.kulturzentrum.greifswald.de\/pl\/wp-json\/wp\/v2\/media?parent=18485"}],"curies":[{"name":"wp","href":"https:\/\/api.w.org\/{rel}","templated":true}]}}