{"id":16922,"date":"2022-07-03T14:46:01","date_gmt":"2022-07-03T12:46:01","guid":{"rendered":"https:\/\/www.kulturzentrum.greifswald.de\/koncerty-radiowe\/"},"modified":"2022-08-24T14:51:36","modified_gmt":"2022-08-24T12:51:36","slug":"koncerty-radiowe","status":"publish","type":"page","link":"https:\/\/www.kulturzentrum.greifswald.de\/pl\/koncerty-radiowe\/","title":{"rendered":"Koncerty radiowe"},"content":{"rendered":"[et_pb_section fb_built=&#8221;1&#8243; fullwidth=&#8221;on&#8221; _builder_version=&#8221;4.17.4&#8243; _module_preset=&#8221;default&#8221; background_image=&#8221;https:\/\/www.kulturzentrum.greifswald.de\/wp-content\/uploads\/2022\/07\/headbild_Konzerte_foto_WallyPruss.jpg&#8221; parallax=&#8221;on&#8221; global_colors_info=&#8221;{}&#8221;][et_pb_fullwidth_image src=&#8221;https:\/\/www.kulturzentrum.greifswald.de\/wp-content\/uploads\/2022\/07\/weisse_wolken-mit-logo_links.png&#8221; title_text=&#8221;white_clouds-with-logo_links&#8221; _builder_version=&#8221;4.17.4&#8243; _module_preset=&#8221;default&#8221; global_colors_info=&#8221;{}&#8221;][\/et_pb_fullwidth_image][\/et_pb_section][et_pb_section fb_built=&#8221;1&#8243; _builder_version=&#8221;4.17.4&#8243; _module_preset=&#8221;default&#8221; custom_padding=&#8221;25px|||||&#8221; global_colors_info=&#8221;{}&#8221;][et_pb_row column_structure=&#8221;1_2,1_2&#8243; _builder_version=&#8221;4.17.4&#8243; _module_preset=&#8221;default&#8221; global_colors_info=&#8221;{}&#8221;][et_pb_column type=&#8221;1_2&#8243; _builder_version=&#8221;4.17.4&#8243; _module_preset=&#8221;default&#8221; global_colors_info=&#8221;{}&#8221;][et_pb_text _builder_version=&#8221;4.17.4&#8243; _module_preset=&#8221;default&#8221; header_font=&#8221;Cormorant Garamond|700|||||||&#8221; header_font_size=&#8221;50px&#8221; hover_enabled=&#8221;0&#8243; global_colors_info=&#8221;{}&#8221; sticky_enabled=&#8221;0&#8243;]\n<h1><strong>Koncerty radia St.Spiritus &#8211; na \u017cywo z naszej sali koncertowej!<br \/><\/strong><\/h1>\n<div>\n<p><span lang=\"PL\">Kiedy drzwi naszego domu pozostaj\u0105 zamkni\u0119te, nie musisz rezygnowa\u0107 z dobrej muzyki \u2013 na \u017cywo z St.Spiritus. Na przyk\u0142ad od kwietnia 2020 do maja 2021 roku w fazach zamkni\u0119cia organizowali\u015bmy regularne koncerty radiowe, aby nadal czyni\u0107 lokaln\u0105 kultur\u0119 namacaln\u0105 i nie pozwoli\u0107 jej umrze\u0107. By\u0142o to mo\u017cliwe dzi\u0119ki wielkiemu dobrowolnemu zaanga\u017cowaniu tw\u00f3rc\u00f3w\u00a0<\/span><span lang=\"DE-AT\"><a href=\"https:\/\/radio98eins.de\/home\/index.html\"><span lang=\"PL\">Radio98eins\u00a0<\/span><\/a><\/span><span lang=\"PL\">oraz profesjonalnemu wsparciu d\u017awi<\/span><span lang=\"PL\">\u0119<\/span><span lang=\"PL\">kowc<\/span><span lang=\"PL\">\u00f3<\/span><span lang=\"PL\">w K\u00fchn i Elandir Productions!<o:p><\/o:p><\/span><\/p>\n<\/div>\n<p><img loading=\"lazy\" src=\"https:\/\/www.kulturzentrum.greifswald.de\/wp-content\/uploads\/2022\/07\/radio-Konzerte.jpg\" width=\"719\" height=\"200\" alt=\"\" class=\"wp-image-16589 alignnone size-full\" srcset=\"https:\/\/www.kulturzentrum.greifswald.de\/wp-content\/uploads\/2022\/07\/radio-Konzerte.jpg 719w, https:\/\/www.kulturzentrum.greifswald.de\/wp-content\/uploads\/2022\/07\/radio-Konzerte-480x134.jpg 480w\" sizes=\"(min-width: 0px) and (max-width: 480px) 480px, (min-width: 481px) 719px, 100vw\" \/><\/p>\n<div>\n<p><span lang=\"PL\">Muzycy musieli sobie wyobrazi\u0107 publiczno\u015b\u0107 przy <span>\u00a0<\/span>radiodbiornikach <span>\u00a0<\/span>i na ekranach, ale dla nas wa\u017cne jest to, \u017ce ludzie nie musieli rezygnowa\u0107 z dobrych koncert\u00f3w z centrum kultury podczas zamkni\u0119cia naszegocentrum, a lokalni muzycy* nie musieli rezygnowa\u0107 z p\u0142atnych wyst<\/span><span lang=\"PL\">\u0119<\/span><span lang=\"PL\">p<\/span><span lang=\"PL\">\u00f3<\/span><span lang=\"PL\">w . St.Spiritus nie osi\u0105ga\u0142 z tego tytu\u0142u \u017cadnych przychod\u00f3w, ale dotacje z kraju zwi\u0105zkowego Meklemburgia-Pomorze Przednie sprawiaj\u0105, \u017ce koncerty mog\u0142y i mog\u0105 si\u0119 odbywa\u0107. Dodatkowo niekt\u00f3rzy zakupili bilet na koncert radiowy \u2013 za co wielkie dzi\u0119ki!!!<o:p><\/o:p><\/span><\/p>\n<\/div>\n[\/et_pb_text][\/et_pb_column][et_pb_column type=&#8221;1_2&#8243; _builder_version=&#8221;4.17.4&#8243; _module_preset=&#8221;default&#8221; global_colors_info=&#8221;{}&#8221;][et_pb_text _builder_version=&#8221;4.17.4&#8243; _module_preset=&#8221;default&#8221; hover_enabled=&#8221;0&#8243; global_colors_info=&#8221;{}&#8221; sticky_enabled=&#8221;0&#8243;]\n<div>\n<p><span lang=\"PL\">Od kwietnia 2020 roku zorganizowali\u015bmy 21 koncert\u00f3w radiowych \u2013 na \u017cywo z Centrum Kultury St.Spiritus i wsp\u00f3lnie zorganizowanych z lokaln\u0105 stacj\u0105 radiow\u0105 radio98eins: dobra muzyka jest przenoszona do domu na \u017cywo! Od ko\u0144ca czerwca na koncerty wpuszczono publiczno\u015b\u0107 w ograniczonym wymiarze. <br \/>R\u00f3wnie\u017c w drugim okresie lockdownu w 2021 roku umie\u015bcili\u015bmy wi\u0119cej nagra\u0144 koncertowych, a nast\u0119pnie udost\u0119pnili\u015bmy je do ponownego prze\u017cycia.<o:p><\/o:p><\/span><\/p>\n<\/div>\n<div>\n<p><span lang=\"PL\">Poprzez koncerty, kt\u00f3re zarchiwizowali\u015bmy na Youtube i tutaj, mo\u017cecie r\u00f3wnie\u017c odkry\u0107 dla siebie now\u0105 muzyk\u0119 \u201emade in MV\u201d, poniewa\u017c mamy tutaj bogat\u0105 i r\u00f3\u017cnorodn\u0105 scen\u0119 muzyczn\u0105, kt\u00f3r\u0105 mo\u017cemy teraz konkretnie zaprezentowa\u0107. Graj\u0105 tu zespo\u0142y znane i pocz\u0105tkuj\u0105cy muzycy i \u2013 tak postrzegamy kryzys jako szans\u0119.<o:p><\/o:p><\/span><\/p>\n<\/div>\n<p><strong>Ka\u017cdy koncert by\u0142 transmitowany na \u017cywo przez Radio 98eins <a href=\"https:\/\/radio98eins.de\/livestream\/livestream.html\" target=\"_blank\" rel=\"noopener noreferrer\">https:\/\/radio98eins.de\/livestream<\/a><\/strong><\/p>\n<p><strong>a tak\u017ce jako livestream na stronie centrum kultury na Facebooku: <\/strong><a href=\"https:\/\/www.facebook.com\/st.spiritus\/\"><br \/><strong>https:\/\/www.facebook.com\/st.spiritus<\/strong><br \/><\/a><\/p>\n[\/et_pb_text][et_pb_divider _builder_version=&#8221;4.17.4&#8243; _module_preset=&#8221;default&#8221; global_colors_info=&#8221;{}&#8221;][\/et_pb_divider][et_pb_text _builder_version=&#8221;4.17.4&#8243; _module_preset=&#8221;default&#8221; header_3_font=&#8221;Cormorant Garamond|700|||||||&#8221; header_3_font_size=&#8221;30px&#8221; global_colors_info=&#8221;{}&#8221;]\n<h3>The Best of &#8230;<\/h3>\n<p>Poni\u017cej zestawili\u015bmy &#8222;best of&#8221; radiowych koncert\u00f3w z 2020 roku:<\/p>\n[\/et_pb_text][et_pb_video src=&#8221;https:\/\/youtu.be\/VaLKzY82N-g&#8221; _builder_version=&#8221;4.17.4&#8243; _module_preset=&#8221;default&#8221; global_colors_info=&#8221;{}&#8221;][\/et_pb_video][\/et_pb_column][\/et_pb_row][et_pb_row _builder_version=&#8221;4.17.4&#8243; _module_preset=&#8221;default&#8221; global_colors_info=&#8221;{}&#8221;][et_pb_column type=&#8221;4_4&#8243; _builder_version=&#8221;4.17.4&#8243; _module_preset=&#8221;default&#8221; global_colors_info=&#8221;{}&#8221;][et_pb_divider _builder_version=&#8221;4.17.4&#8243; _module_preset=&#8221;default&#8221; global_colors_info=&#8221;{}&#8221;][\/et_pb_divider][et_pb_text _builder_version=&#8221;4.17.4&#8243; _module_preset=&#8221;default&#8221; global_colors_info=&#8221;{}&#8221;]\n<h4><strong>Wszystkie poprzednie filmy z koncert\u00f3w mo\u017cna znale\u017a\u0107 tutaj:<\/strong><\/h4>\n[\/et_pb_text][\/et_pb_column][\/et_pb_row][et_pb_row column_structure=&#8221;1_4,1_4,1_4,1_4&#8243; _builder_version=&#8221;4.17.4&#8243; _module_preset=&#8221;default&#8221; global_colors_info=&#8221;{}&#8221;][et_pb_column type=&#8221;1_4&#8243; _builder_version=&#8221;4.17.4&#8243; _module_preset=&#8221;default&#8221; global_colors_info=&#8221;{}&#8221;][et_pb_video src=&#8221;https:\/\/youtu.be\/g4Lz2WYZAbM&#8221; _builder_version=&#8221;4.17.4&#8243; _module_preset=&#8221;default&#8221; global_colors_info=&#8221;{}&#8221;][\/et_pb_video][et_pb_text _builder_version=&#8221;4.17.4&#8243; _module_preset=&#8221;default&#8221; global_colors_info=&#8221;{}&#8221;]\n<h3 style=\"text-align: center;\">1. koncert radiowy<br \/><strong>Artur i zesp\u00f3\u0142<\/strong><\/h3>\n[\/et_pb_text][\/et_pb_column][et_pb_column type=&#8221;1_4&#8243; _builder_version=&#8221;4.17.4&#8243; _module_preset=&#8221;default&#8221; global_colors_info=&#8221;{}&#8221;][et_pb_video src=&#8221;https:\/\/youtu.be\/IjnT7h2DaHE&#8221; _builder_version=&#8221;4.17.4&#8243; _module_preset=&#8221;default&#8221; global_colors_info=&#8221;{}&#8221;][\/et_pb_video][et_pb_text _builder_version=&#8221;4.17.4&#8243; _module_preset=&#8221;default&#8221; global_colors_info=&#8221;{}&#8221;]\n<h3 style=\"text-align: center;\">2. koncert radiowy<br \/><strong>Duo La Wie<\/strong><\/h3>\n[\/et_pb_text][\/et_pb_column][et_pb_column type=&#8221;1_4&#8243; _builder_version=&#8221;4.17.4&#8243; _module_preset=&#8221;default&#8221; global_colors_info=&#8221;{}&#8221;][et_pb_video src=&#8221;https:\/\/youtu.be\/pgIprqRjm7w&#8221; _builder_version=&#8221;4.17.4&#8243; _module_preset=&#8221;default&#8221; global_colors_info=&#8221;{}&#8221;][\/et_pb_video][et_pb_text _builder_version=&#8221;4.17.4&#8243; _module_preset=&#8221;default&#8221; global_colors_info=&#8221;{}&#8221;]\n<h3 style=\"text-align: center;\">3 koncert radiowy<br \/><strong>Fritz Hazy &amp; Cornelius Link<\/strong><\/h3>\n[\/et_pb_text][\/et_pb_column][et_pb_column type=&#8221;1_4&#8243; _builder_version=&#8221;4.17.4&#8243; _module_preset=&#8221;default&#8221; global_colors_info=&#8221;{}&#8221;][et_pb_video src=&#8221;https:\/\/youtu.be\/fIAj6Fuqzso&#8221; _builder_version=&#8221;4.17.4&#8243; _module_preset=&#8221;default&#8221; global_colors_info=&#8221;{}&#8221;][\/et_pb_video][et_pb_text _builder_version=&#8221;4.17.4&#8243; _module_preset=&#8221;default&#8221; global_colors_info=&#8221;{}&#8221;]\n<h3 style=\"text-align: center;\">4 koncert radiowy<br \/><strong>Boogie Trap<\/strong><\/h3>\n[\/et_pb_text][\/et_pb_column][\/et_pb_row][et_pb_row column_structure=&#8221;1_4,1_4,1_4,1_4&#8243; _builder_version=&#8221;4.17.4&#8243; _module_preset=&#8221;default&#8221; global_colors_info=&#8221;{}&#8221;][et_pb_column type=&#8221;1_4&#8243; _builder_version=&#8221;4.17.4&#8243; _module_preset=&#8221;default&#8221; global_colors_info=&#8221;{}&#8221;][et_pb_video src=&#8221;https:\/\/youtu.be\/q1xKP7jr7GA&#8221; _builder_version=&#8221;4.17.4&#8243; _module_preset=&#8221;default&#8221; global_colors_info=&#8221;{}&#8221;][\/et_pb_video][et_pb_text _builder_version=&#8221;4.17.4&#8243; _module_preset=&#8221;default&#8221; global_colors_info=&#8221;{}&#8221;]\n<h3 style=\"text-align: center;\">5 koncert radiowy<br \/>\n<strong>The Old Main Drag<\/strong><\/h3>\n[\/et_pb_text][\/et_pb_column][et_pb_column type=&#8221;1_4&#8243; _builder_version=&#8221;4.17.4&#8243; _module_preset=&#8221;default&#8221; global_colors_info=&#8221;{}&#8221;][et_pb_video src=&#8221;https:\/\/youtu.be\/0KDPzj2Unj0&#8243; _builder_version=&#8221;4.17.4&#8243; _module_preset=&#8221;default&#8221; global_colors_info=&#8221;{}&#8221;][\/et_pb_video][et_pb_text _builder_version=&#8221;4.17.4&#8243; _module_preset=&#8221;default&#8221; global_colors_info=&#8221;{}&#8221;]\n<h3 style=\"text-align: center;\">VI Koncert Radiowy<br \/><strong>CRACK<\/strong><\/h3>\n[\/et_pb_text][\/et_pb_column][et_pb_column type=&#8221;1_4&#8243; _builder_version=&#8221;4.17.4&#8243; _module_preset=&#8221;default&#8221; global_colors_info=&#8221;{}&#8221;][et_pb_video src=&#8221;https:\/\/youtu.be\/rmehim7bJD8&#8243; _builder_version=&#8221;4.17.4&#8243; _module_preset=&#8221;default&#8221; global_colors_info=&#8221;{}&#8221;][\/et_pb_video][et_pb_text _builder_version=&#8221;4.17.4&#8243; _module_preset=&#8221;default&#8221; global_colors_info=&#8221;{}&#8221;]\n<h3 style=\"text-align: center;\">7 koncert radiowy<br \/><strong>Jade<\/strong><\/h3>\n[\/et_pb_text][\/et_pb_column][et_pb_column type=&#8221;1_4&#8243; _builder_version=&#8221;4.17.4&#8243; _module_preset=&#8221;default&#8221; global_colors_info=&#8221;{}&#8221;][et_pb_video src=&#8221;https:\/\/youtu.be\/UahiAvM6e8E&#8221; _builder_version=&#8221;4.17.4&#8243; _module_preset=&#8221;default&#8221; global_colors_info=&#8221;{}&#8221;][\/et_pb_video][et_pb_text _builder_version=&#8221;4.17.4&#8243; _module_preset=&#8221;default&#8221; global_colors_info=&#8221;{}&#8221;]\n<h3 style=\"text-align: center;\">8 koncert radiowy<br \/>\n<strong>Adelind Pallas &amp; Liane Perl<\/strong><\/h3>\n[\/et_pb_text][\/et_pb_column][\/et_pb_row][et_pb_row column_structure=&#8221;1_4,1_4,1_4,1_4&#8243; _builder_version=&#8221;4.17.4&#8243; _module_preset=&#8221;default&#8221; global_colors_info=&#8221;{}&#8221;][et_pb_column type=&#8221;1_4&#8243; _builder_version=&#8221;4.17.4&#8243; _module_preset=&#8221;default&#8221; global_colors_info=&#8221;{}&#8221;][et_pb_video src=&#8221;https:\/\/youtu.be\/qF3tqvckiQM&#8221; _builder_version=&#8221;4.17.4&#8243; _module_preset=&#8221;default&#8221; global_colors_info=&#8221;{}&#8221;][\/et_pb_video][et_pb_text _builder_version=&#8221;4.17.4&#8243; _module_preset=&#8221;default&#8221; global_colors_info=&#8221;{}&#8221;]\n<h3 style=\"text-align: center;\">9. koncert radiowy<br \/>\n<strong>Joe Alesko &amp; FatiQue<\/strong><\/h3>\n[\/et_pb_text][\/et_pb_column][et_pb_column type=&#8221;1_4&#8243; _builder_version=&#8221;4.17.4&#8243; _module_preset=&#8221;default&#8221; global_colors_info=&#8221;{}&#8221;][et_pb_video src=&#8221;https:\/\/youtu.be\/7UxTuZSlg_w&#8221; _builder_version=&#8221;4.17.4&#8243; _module_preset=&#8221;default&#8221; global_colors_info=&#8221;{}&#8221;][\/et_pb_video][et_pb_text _builder_version=&#8221;4.17.4&#8243; _module_preset=&#8221;default&#8221; global_colors_info=&#8221;{}&#8221;]\n<h3 style=\"text-align: center;\">X Koncert Radiowy<br \/><strong>Bob Beeman Trio<\/strong><\/h3>\n[\/et_pb_text][\/et_pb_column][et_pb_column type=&#8221;1_4&#8243; _builder_version=&#8221;4.17.4&#8243; _module_preset=&#8221;default&#8221; global_colors_info=&#8221;{}&#8221;][et_pb_video src=&#8221;https:\/\/youtu.be\/7CP9pIA1F9I&#8221; _builder_version=&#8221;4.17.4&#8243; _module_preset=&#8221;default&#8221; global_colors_info=&#8221;{}&#8221;][\/et_pb_video][et_pb_text _builder_version=&#8221;4.17.4&#8243; _module_preset=&#8221;default&#8221; global_colors_info=&#8221;{}&#8221;]\n<h3 style=\"text-align: center;\">11 koncert radiowy<br \/>\n<strong>Elisa<\/strong><\/h3>\n[\/et_pb_text][\/et_pb_column][et_pb_column type=&#8221;1_4&#8243; _builder_version=&#8221;4.17.4&#8243; _module_preset=&#8221;default&#8221; global_colors_info=&#8221;{}&#8221;][et_pb_video src=&#8221;https:\/\/youtu.be\/YUVwIgGEhms&#8221; _builder_version=&#8221;4.17.4&#8243; _module_preset=&#8221;default&#8221; global_colors_info=&#8221;{}&#8221;][\/et_pb_video][et_pb_text _builder_version=&#8221;4.17.4&#8243; _module_preset=&#8221;default&#8221; global_colors_info=&#8221;{}&#8221;]\n<h3 style=\"text-align: center;\">12 Koncert radiowy<br \/>\n<strong>Lege &amp; Lena<\/strong><\/h3>\n[\/et_pb_text][\/et_pb_column][\/et_pb_row][et_pb_row column_structure=&#8221;1_4,1_4,1_4,1_4&#8243; _builder_version=&#8221;4.17.4&#8243; _module_preset=&#8221;default&#8221; global_colors_info=&#8221;{}&#8221;][et_pb_column type=&#8221;1_4&#8243; _builder_version=&#8221;4.17.4&#8243; _module_preset=&#8221;default&#8221; global_colors_info=&#8221;{}&#8221;][et_pb_video src=&#8221;https:\/\/youtu.be\/Gb4UGVwQKtI&#8221; _builder_version=&#8221;4.17.4&#8243; _module_preset=&#8221;default&#8221; global_colors_info=&#8221;{}&#8221;][\/et_pb_video][et_pb_text _builder_version=&#8221;4.17.4&#8243; _module_preset=&#8221;default&#8221; global_colors_info=&#8221;{}&#8221;]\n<h3 style=\"text-align: center;\">13 koncert radiowy<br \/>\n<strong>Bad Penny<\/strong><\/h3>\n[\/et_pb_text][\/et_pb_column][et_pb_column type=&#8221;1_4&#8243; _builder_version=&#8221;4.17.4&#8243; _module_preset=&#8221;default&#8221; global_colors_info=&#8221;{}&#8221;][et_pb_video src=&#8221;https:\/\/youtu.be\/B-BNg_5Fqec&#8221; _builder_version=&#8221;4.17.4&#8243; _module_preset=&#8221;default&#8221; global_colors_info=&#8221;{}&#8221;][\/et_pb_video][et_pb_text _builder_version=&#8221;4.17.4&#8243; _module_preset=&#8221;default&#8221; global_colors_info=&#8221;{}&#8221;]\n<h3 style=\"text-align: center;\">14. koncert radiowy<br \/>\n<strong>Strittmatters<\/strong><\/h3>\n[\/et_pb_text][\/et_pb_column][et_pb_column type=&#8221;1_4&#8243; _builder_version=&#8221;4.17.4&#8243; _module_preset=&#8221;default&#8221; global_colors_info=&#8221;{}&#8221;][et_pb_video src=&#8221;https:\/\/youtu.be\/B8rWOzxC1dE&#8221; _builder_version=&#8221;4.17.4&#8243; _module_preset=&#8221;default&#8221; global_colors_info=&#8221;{}&#8221;][\/et_pb_video][et_pb_text _builder_version=&#8221;4.17.4&#8243; _module_preset=&#8221;default&#8221; global_colors_info=&#8221;{}&#8221;]\n<h3 style=\"text-align: center;\">15 koncert radiowy<br \/>\n<strong>W Ora Mundi<\/strong><\/h3>\n[\/et_pb_text][\/et_pb_column][et_pb_column type=&#8221;1_4&#8243; _builder_version=&#8221;4.17.4&#8243; _module_preset=&#8221;default&#8221; global_colors_info=&#8221;{}&#8221;][et_pb_video src=&#8221;https:\/\/youtu.be\/I0xvuCqXSSE&#8221; _builder_version=&#8221;4.17.4&#8243; _module_preset=&#8221;default&#8221; global_colors_info=&#8221;{}&#8221;][\/et_pb_video][et_pb_text _builder_version=&#8221;4.17.4&#8243; _module_preset=&#8221;default&#8221; global_colors_info=&#8221;{}&#8221;]\n<h3 style=\"text-align: center;\">14 godzin muzyki na \u017cywo z <strong>F\u00eate de la Musique 2020<\/strong><\/h3>\n[\/et_pb_text][\/et_pb_column][\/et_pb_row][et_pb_row column_structure=&#8221;1_4,1_4,1_4,1_4&#8243; _builder_version=&#8221;4.17.4&#8243; _module_preset=&#8221;default&#8221; global_colors_info=&#8221;{}&#8221;][et_pb_column type=&#8221;1_4&#8243; _builder_version=&#8221;4.17.4&#8243; _module_preset=&#8221;default&#8221; global_colors_info=&#8221;{}&#8221;][et_pb_video src=&#8221;https:\/\/youtu.be\/ReICvvJHtQ0&#8243; _builder_version=&#8221;4.17.4&#8243; _module_preset=&#8221;default&#8221; global_colors_info=&#8221;{}&#8221;][\/et_pb_video][et_pb_text _builder_version=&#8221;4.17.4&#8243; _module_preset=&#8221;default&#8221; global_colors_info=&#8221;{}&#8221;]\n<h3 style=\"text-align: center;\">17 koncert radiowy<br \/><strong>La Greda<\/strong><\/h3>\n[\/et_pb_text][\/et_pb_column][et_pb_column type=&#8221;1_4&#8243; _builder_version=&#8221;4.17.4&#8243; _module_preset=&#8221;default&#8221; global_colors_info=&#8221;{}&#8221;][et_pb_video src=&#8221;https:\/\/youtu.be\/OfDAlysvId8&#8243; _builder_version=&#8221;4.17.4&#8243; _module_preset=&#8221;default&#8221; global_colors_info=&#8221;{}&#8221;][\/et_pb_video][et_pb_text _builder_version=&#8221;4.17.4&#8243; _module_preset=&#8221;default&#8221; global_colors_info=&#8221;{}&#8221;]\n<h3 style=\"text-align: center;\">18 koncert radiowy<br \/><strong>Czerwony piasek<\/strong><\/h3>\n[\/et_pb_text][\/et_pb_column][et_pb_column type=&#8221;1_4&#8243; _builder_version=&#8221;4.17.4&#8243; _module_preset=&#8221;default&#8221; global_colors_info=&#8221;{}&#8221;][et_pb_video src=&#8221;https:\/\/youtu.be\/Ek6r_illLLY?list=PL1Y2lUN0yk_OfB-HMo89bzRmW7eYfn25r&#8221; _builder_version=&#8221;4.17.4&#8243; _module_preset=&#8221;default&#8221; global_colors_info=&#8221;{}&#8221;][\/et_pb_video][et_pb_text _builder_version=&#8221;4.17.4&#8243; _module_preset=&#8221;default&#8221; global_colors_info=&#8221;{}&#8221;]\n<h3 style=\"text-align: center;\">19. koncert radiowy<br \/><strong>Iskry i popio\u0142y<\/strong><\/h3>\n[\/et_pb_text][\/et_pb_column][et_pb_column type=&#8221;1_4&#8243; _builder_version=&#8221;4.17.4&#8243; _module_preset=&#8221;default&#8221; global_colors_info=&#8221;{}&#8221;][et_pb_video src=&#8221;https:\/\/youtu.be\/xaYRzsqAvPg?list=PL1Y2lUN0yk_OfB-HMo89bzRmW7eYfn25r&#8221; _builder_version=&#8221;4.17.4&#8243; _module_preset=&#8221;default&#8221; global_colors_info=&#8221;{}&#8221;][\/et_pb_video][et_pb_text _builder_version=&#8221;4.17.4&#8243; _module_preset=&#8221;default&#8221; global_colors_info=&#8221;{}&#8221;]\n<h3 style=\"text-align: center;\">20. koncert radiowy<br \/><strong><span>Bastian Bandt<\/span><\/strong><\/h3>\n[\/et_pb_text][\/et_pb_column][\/et_pb_row][\/et_pb_section]\n","protected":false},"excerpt":{"rendered":"<p>Koncerty radia St.Spiritus &#8211; na \u017cywo z naszej sali koncertowej! Kiedy drzwi naszego domu pozostaj\u0105 zamkni\u0119te, nie musisz rezygnowa\u0107 z dobrej muzyki \u2013 na \u017cywo z St.Spiritus. Na przyk\u0142ad od [&hellip;]<\/p>\n","protected":false},"author":7,"featured_media":0,"parent":0,"menu_order":0,"comment_status":"closed","ping_status":"closed","template":"","meta":{"_et_pb_use_builder":"on","_et_pb_old_content":"","_et_gb_content_width":""},"acf":[],"_links":{"self":[{"href":"https:\/\/www.kulturzentrum.greifswald.de\/pl\/wp-json\/wp\/v2\/pages\/16922"}],"collection":[{"href":"https:\/\/www.kulturzentrum.greifswald.de\/pl\/wp-json\/wp\/v2\/pages"}],"about":[{"href":"https:\/\/www.kulturzentrum.greifswald.de\/pl\/wp-json\/wp\/v2\/types\/page"}],"author":[{"embeddable":true,"href":"https:\/\/www.kulturzentrum.greifswald.de\/pl\/wp-json\/wp\/v2\/users\/7"}],"replies":[{"embeddable":true,"href":"https:\/\/www.kulturzentrum.greifswald.de\/pl\/wp-json\/wp\/v2\/comments?post=16922"}],"version-history":[{"count":0,"href":"https:\/\/www.kulturzentrum.greifswald.de\/pl\/wp-json\/wp\/v2\/pages\/16922\/revisions"}],"wp:attachment":[{"href":"https:\/\/www.kulturzentrum.greifswald.de\/pl\/wp-json\/wp\/v2\/media?parent=16922"}],"curies":[{"name":"wp","href":"https:\/\/api.w.org\/{rel}","templated":true}]}}