{"id":16919,"date":"2022-07-03T14:45:30","date_gmt":"2022-07-03T12:45:30","guid":{"rendered":"https:\/\/www.kulturzentrum.greifswald.de\/projekty\/"},"modified":"2022-07-03T14:45:32","modified_gmt":"2022-07-03T12:45:32","slug":"projekty","status":"publish","type":"page","link":"https:\/\/www.kulturzentrum.greifswald.de\/pl\/projekty\/","title":{"rendered":"Projekty"},"content":{"rendered":"[et_pb_section fb_built=&#8221;1&#8243; fullwidth=&#8221;on&#8221; theme_builder_area=&#8221;post_content&#8221; _builder_version=&#8221;4.17.4&#8243; _module_preset=&#8221;default&#8221; title_text=&#8221;head_innenhof-3&#8243; background_image=&#8221;https:\/\/www.kulturzentrum.greifswald.de\/wp-content\/uploads\/2022\/07\/head_innenhof-3.jpg&#8221; parallax=&#8221;on&#8221; hover_enabled=&#8221;0&#8243; sticky_enabled=&#8221;0&#8243;][et_pb_fullwidth_image src=&#8221;https:\/\/www.kulturzentrum.greifswald.de\/wp-content\/uploads\/2022\/07\/weisse_wolken-mit-logo_links.png&#8221; _builder_version=&#8221;4.17.4&#8243; _module_preset=&#8221;default&#8221; theme_builder_area=&#8221;post_content&#8221; title_text=&#8221;white_clouds-with-logo_links&#8221; hover_enabled=&#8221;0&#8243; sticky_enabled=&#8221;0&#8243;][\/et_pb_fullwidth_image][\/et_pb_section][et_pb_section fb_built=&#8221;1&#8243; _builder_version=&#8221;4.17.4&#8243; _module_preset=&#8221;default&#8221; global_colors_info=&#8221;{}&#8221; custom_padding=&#8221;31px|||||&#8221;][et_pb_row _builder_version=&#8221;4.17.4&#8243; _module_preset=&#8221;default&#8221; global_colors_info=&#8221;{}&#8221;][et_pb_column type=&#8221;4_4&#8243; _builder_version=&#8221;4.17.4&#8243; _module_preset=&#8221;default&#8221; global_colors_info=&#8221;{}&#8221;][et_pb_text _builder_version=&#8221;4.17.4&#8243; _module_preset=&#8221;default&#8221; header_font=&#8221;Cormorant Garamond|700|||||||&#8221; header_text_align=&#8221;center&#8221; header_font_size=&#8221;50px&#8221; hover_enabled=&#8221;0&#8243; global_colors_info=&#8221;{}&#8221; sticky_enabled=&#8221;0&#8243;]\n<h1 style=\"text-align: left;\">Projekty w St.Spiritus<\/h1>\n[\/et_pb_text][\/et_pb_column][\/et_pb_row][et_pb_row column_structure=&#8221;1_3,1_3,1_3&#8243; _builder_version=&#8221;4.17.4&#8243; _module_preset=&#8221;default&#8221; global_colors_info=&#8221;{}&#8221;][et_pb_column type=&#8221;1_3&#8243; _builder_version=&#8221;4.17.4&#8243; _module_preset=&#8221;default&#8221; global_colors_info=&#8221;{}&#8221;][et_pb_image src=&#8221;https:\/\/www.kulturzentrum.greifswald.de\/wp-content\/uploads\/2022\/07\/head_Fantakel.jpg&#8221; title_text=&#8221;g\u0142owa_fantasty&#8221; _builder_version=&#8221;4.17.4&#8243; _module_preset=&#8221;default&#8221; global_colors_info=&#8221;{}&#8221;][\/et_pb_image][et_pb_text _builder_version=&#8221;4.17.4&#8243; _module_preset=&#8221;default&#8221; header_3_font=&#8221;Cormorant Garamond|700|||||||&#8221; header_3_font_size=&#8221;30px&#8221; global_colors_info=&#8221;{}&#8221;]\n<h3 class=\"entry-title\" style=\"text-align: center;\">FANTAKEL<\/h3>\n<p style=\"text-align: center;\">Trzy dni festiwalu teatr\u00f3w lalkowych w czterech r\u00f3\u017cnych miejscach w Greifswaldzie.<br \/><a href=\"https:\/\/www.kulturzentrum.greifswald.de\/pl\/fantakel\/\">dowiedzie\u0107 si\u0119 wi\u0119cej  &gt;&gt;<\/a><\/p>\n[\/et_pb_text][\/et_pb_column][et_pb_column type=&#8221;1_3&#8243; _builder_version=&#8221;4.17.4&#8243; _module_preset=&#8221;default&#8221; global_colors_info=&#8221;{}&#8221;][et_pb_image src=&#8221;https:\/\/www.kulturzentrum.greifswald.de\/wp-content\/uploads\/2022\/07\/Head_Poetry-Slam.jpg&#8221; title_text=&#8221;Head_Poetry-Slam&#8221; _builder_version=&#8221;4.17.4&#8243; _module_preset=&#8221;default&#8221; global_colors_info=&#8221;{}&#8221;][\/et_pb_image][et_pb_text _builder_version=&#8221;4.17.4&#8243; _module_preset=&#8221;default&#8221; header_3_font=&#8221;Cormorant Garamond|700|||||||&#8221; header_3_font_size=&#8221;31px&#8221; global_colors_info=&#8221;{}&#8221;]\n<h3 class=\"entry-title\" style=\"text-align: center;\">U20 Poetry Slam<\/h3>\n<p style=\"text-align: center;\">Jedyny regularny slam poetycki dla m\u0142odych poet\u00f3w do 20 roku \u017cycia.<br \/><a href=\"https:\/\/www.kulturzentrum.greifswald.de\/pl\/u-20-poetry-slam\/\">dowiedzie\u0107 si\u0119 wi\u0119cej  &gt;&gt;<\/a><\/p>\n[\/et_pb_text][\/et_pb_column][et_pb_column type=&#8221;1_3&#8243; _builder_version=&#8221;4.17.4&#8243; _module_preset=&#8221;default&#8221; global_colors_info=&#8221;{}&#8221;][et_pb_image src=&#8221;https:\/\/www.kulturzentrum.greifswald.de\/wp-content\/uploads\/2022\/07\/Plattdeutsches-Festival-1600px.jpg&#8221; title_text=&#8221;Festiwal Niskich Niemiec-1600px&#8221; _builder_version=&#8221;4.17.4&#8243; _module_preset=&#8221;default&#8221; global_colors_info=&#8221;{}&#8221;][\/et_pb_image][et_pb_text _builder_version=&#8221;4.17.4&#8243; _module_preset=&#8221;default&#8221; header_3_font=&#8221;Cormorant Garamond|700|||||||&#8221; header_3_font_size=&#8221;30px&#8221; global_colors_info=&#8221;{}&#8221;]\n<h3 class=\"entry-title\" style=\"text-align: center;\">Festival up Platt<\/h3>\n<p style=\"text-align: center;\">Festiwal z koncertami, komedi\u0105 i teatrem w ramach Tygodnia Ni\u017cu Niemieckiego.<br \/><a href=\"https:\/\/www.kulturzentrum.greifswald.de\/pl\/festival-up-platt\/\">dowiedzie\u0107 si\u0119 wi\u0119cej  &gt;&gt;<\/a><\/p>\n[\/et_pb_text][\/et_pb_column][\/et_pb_row][et_pb_row _builder_version=&#8221;4.17.4&#8243; _module_preset=&#8221;default&#8221;][et_pb_column _builder_version=&#8221;4.17.4&#8243; _module_preset=&#8221;default&#8221; type=&#8221;4_4&#8243;][et_pb_text _builder_version=&#8221;4.17.4&#8243; _module_preset=&#8221;default&#8221; hover_enabled=&#8221;0&#8243; sticky_enabled=&#8221;0&#8243; height=&#8221;20px&#8221;][\/et_pb_text][\/et_pb_column][\/et_pb_row][et_pb_row column_structure=&#8221;1_3,1_3,1_3&#8243; _builder_version=&#8221;4.17.4&#8243; _module_preset=&#8221;default&#8221; global_colors_info=&#8221;{}&#8221;][et_pb_column type=&#8221;1_3&#8243; _builder_version=&#8221;4.17.4&#8243; _module_preset=&#8221;default&#8221; global_colors_info=&#8221;{}&#8221;][et_pb_image src=&#8221;https:\/\/www.kulturzentrum.greifswald.de\/wp-content\/uploads\/2022\/07\/head_RadioKonzerte.jpg&#8221; title_text=&#8221;head_RadioConcerts&#8221; _builder_version=&#8221;4.17.4&#8243; _module_preset=&#8221;default&#8221; global_colors_info=&#8221;{}&#8221;][\/et_pb_image][et_pb_text _builder_version=&#8221;4.17.4&#8243; _module_preset=&#8221;default&#8221; header_3_font=&#8221;Cormorant Garamond|700|||||||&#8221; header_3_font_size=&#8221;30px&#8221; global_colors_info=&#8221;{}&#8221;]\n<h3 class=\"entry-title\" style=\"text-align: center;\">Koncerty radiowe<\/h3>\n<p style=\"text-align: center;\">Koncerty na \u017cywo z naszej sali koncertowej &#8211; wsp\u00f3lnie z radiem98eins.<br \/><a href=\"https:\/\/www.kulturzentrum.greifswald.de\/pl\/koncerty-radiowe\/\">dowiedzie\u0107 si\u0119 wi\u0119cej  &gt;&gt;<\/a><\/p>\n[\/et_pb_text][\/et_pb_column][et_pb_column type=&#8221;1_3&#8243; _builder_version=&#8221;4.17.4&#8243; _module_preset=&#8221;default&#8221; global_colors_info=&#8221;{}&#8221;][et_pb_image src=&#8221;https:\/\/www.kulturzentrum.greifswald.de\/wp-content\/uploads\/2022\/07\/Head_jiddische-Woerter-Gestaltung-Swinxgrafix.jpg&#8221; title_text=&#8221;G\u0142owa_jidysz-s\u0142owa-projekt-Swinxgrafix&#8221; _builder_version=&#8221;4.17.4&#8243; _module_preset=&#8221;default&#8221; global_colors_info=&#8221;{}&#8221;][\/et_pb_image][et_pb_text _builder_version=&#8221;4.17.4&#8243; _module_preset=&#8221;default&#8221; header_3_font=&#8221;Cormorant Garamond|700|||||||&#8221; header_3_font_size=&#8221;30px&#8221; global_colors_info=&#8221;{}&#8221;]\n<h3 class=\"entry-title\" style=\"text-align: center;\">1700 lat \u017cycia \u017cydowskiego<\/h3>\n<p style=\"text-align: center;\">Seria poczt\u00f3wek i plakat\u00f3w na temat s\u0142\u00f3w w j\u0119zyku jidysz w naszym codziennym \u017cyciu.<br \/><a href=\"https:\/\/www.kulturzentrum.greifswald.de\/pl\/ehgfjhegfhjeq\/\">dowiedzie\u0107 si\u0119 wi\u0119cej  &gt;&gt;<\/a><\/p>\n[\/et_pb_text][\/et_pb_column][et_pb_column type=&#8221;1_3&#8243; _builder_version=&#8221;4.17.4&#8243; _module_preset=&#8221;default&#8221; global_colors_info=&#8221;{}&#8221;][et_pb_image src=&#8221;https:\/\/www.kulturzentrum.greifswald.de\/wp-content\/uploads\/2022\/07\/head_literaturfruehling.jpg&#8221; title_text=&#8221;head_literaturfruehling&#8221; _builder_version=&#8221;4.17.4&#8243; _module_preset=&#8221;default&#8221; global_colors_info=&#8221;{}&#8221;][\/et_pb_image][et_pb_text _builder_version=&#8221;4.17.4&#8243; _module_preset=&#8221;default&#8221; header_3_font=&#8221;Cormorant Garamond|700|||||||&#8221; header_3_font_size=&#8221;30px&#8221; global_colors_info=&#8221;{}&#8221;]\n<h3 class=\"entry-title\" style=\"text-align: center;\">Literatura Wiosna<\/h3>\n<p style=\"text-align: center;\">Literatura zajmuje centralne miejsce w r\u00f3\u017cnych formatach wydarze\u0144.<br \/>dowiedzie\u0107 si\u0119 wi\u0119cej  &gt;&gt;<\/p>\n[\/et_pb_text][\/et_pb_column][\/et_pb_row][\/et_pb_section]\n","protected":false},"excerpt":{"rendered":"<p>Projekty w St.SpiritusFANTAKEL Trzy dni festiwalu teatr\u00f3w lalkowych w czterech r\u00f3\u017cnych miejscach w Greifswaldzie.dowiedzie\u0107 si\u0119 wi\u0119cej &gt;&gt;U20 Poetry Slam Jedyny regularny slam poetycki dla m\u0142odych poet\u00f3w do 20 roku \u017cycia.dowiedzie\u0107 [&hellip;]<\/p>\n","protected":false},"author":7,"featured_media":0,"parent":0,"menu_order":0,"comment_status":"closed","ping_status":"closed","template":"","meta":{"_et_pb_use_builder":"on","_et_pb_old_content":"","_et_gb_content_width":""},"acf":[],"_links":{"self":[{"href":"https:\/\/www.kulturzentrum.greifswald.de\/pl\/wp-json\/wp\/v2\/pages\/16919"}],"collection":[{"href":"https:\/\/www.kulturzentrum.greifswald.de\/pl\/wp-json\/wp\/v2\/pages"}],"about":[{"href":"https:\/\/www.kulturzentrum.greifswald.de\/pl\/wp-json\/wp\/v2\/types\/page"}],"author":[{"embeddable":true,"href":"https:\/\/www.kulturzentrum.greifswald.de\/pl\/wp-json\/wp\/v2\/users\/7"}],"replies":[{"embeddable":true,"href":"https:\/\/www.kulturzentrum.greifswald.de\/pl\/wp-json\/wp\/v2\/comments?post=16919"}],"version-history":[{"count":0,"href":"https:\/\/www.kulturzentrum.greifswald.de\/pl\/wp-json\/wp\/v2\/pages\/16919\/revisions"}],"wp:attachment":[{"href":"https:\/\/www.kulturzentrum.greifswald.de\/pl\/wp-json\/wp\/v2\/media?parent=16919"}],"curies":[{"name":"wp","href":"https:\/\/api.w.org\/{rel}","templated":true}]}}