{"id":16910,"date":"2022-07-03T14:43:54","date_gmt":"2022-07-03T12:43:54","guid":{"rendered":"https:\/\/www.kulturzentrum.greifswald.de\/fantakel\/"},"modified":"2022-08-24T14:54:17","modified_gmt":"2022-08-24T12:54:17","slug":"fantakel","status":"publish","type":"page","link":"https:\/\/www.kulturzentrum.greifswald.de\/pl\/fantakel\/","title":{"rendered":"FANTAKEL"},"content":{"rendered":"[et_pb_section fb_built=&#8221;1&#8243; fullwidth=&#8221;on&#8221; _builder_version=&#8221;4.17.4&#8243; _module_preset=&#8221;default&#8221; background_image=&#8221;https:\/\/www.kulturzentrum.greifswald.de\/wp-content\/uploads\/2022\/07\/head_Fantakel.jpg&#8221; parallax=&#8221;on&#8221; global_colors_info=&#8221;{}&#8221;][et_pb_fullwidth_image src=&#8221;https:\/\/www.kulturzentrum.greifswald.de\/wp-content\/uploads\/2022\/07\/weisse_wolken-mit-logo_links.png&#8221; title_text=&#8221;white_clouds-with-logo_links&#8221; _builder_version=&#8221;4.17.4&#8243; _module_preset=&#8221;default&#8221; global_colors_info=&#8221;{}&#8221;][\/et_pb_fullwidth_image][\/et_pb_section][et_pb_section fb_built=&#8221;1&#8243; _builder_version=&#8221;4.17.4&#8243; _module_preset=&#8221;default&#8221; custom_padding=&#8221;40px|||||&#8221; global_colors_info=&#8221;{}&#8221;][et_pb_row column_structure=&#8221;1_2,1_2&#8243; _builder_version=&#8221;4.17.4&#8243; _module_preset=&#8221;default&#8221; custom_padding=&#8221;0px|||||&#8221; global_colors_info=&#8221;{}&#8221;][et_pb_column type=&#8221;1_2&#8243; _builder_version=&#8221;4.17.4&#8243; _module_preset=&#8221;default&#8221; global_colors_info=&#8221;{}&#8221;][et_pb_text _builder_version=&#8221;4.17.4&#8243; _module_preset=&#8221;default&#8221; header_font=&#8221;Cormorant Garamond|700|||||||&#8221; header_font_size=&#8221;40px&#8221; hover_enabled=&#8221;0&#8243; global_colors_info=&#8221;{}&#8221; sticky_enabled=&#8221;0&#8243;]\n<p><strong>FANTAKEL<\/strong><\/p>\n<h1>Festiwal\u00a0<span lang=\"PL\">Teatru Figur <\/span>w Greifswaldzie<\/h1>\n<p>Fantazja i spektakl<\/p>\n<div>\n<p><span lang=\"PL\">Co roku we wrze\u015bniu na deptaku w Greifswaldzie mo\u017ce pojawi\u0107 si\u0119 bia\u0142y jednoro\u017cec lub inne szalone stworzenia, kolorowo umalowane dzieci lub zamy\u015bleni, u\u015bmiechni\u0119ci doro\u015bli \u2013 bo to czas festiwalu teatr\u00f3w figur.<o:p><\/o:p><\/span><\/p>\n<\/div>\n<div>\n<p><span lang=\"PL\">Krajowy Zwi\u0105zek Teatr\u00f3w Niezale\u017cnych Meklemburgii-Pomorza Przedniego zawsze przygotowuje wspania\u0142y i bogaty program. Jedynym warunkiem jest to, \u017ceby by\u0142y to sceny teatru niezale\u017cnego, bo chodzi te\u017c o docenienie i wsparcie tych niezale\u017cnych artyst\u00f3w, kt\u00f3rzy nie zawsze pracuj\u0105 w \u0142atwych warunkach. Festiwal obejmuje siedem spektakli w ci\u0105gu trzech dni \u2013 s\u0105 to spektakle dla dzieci, ale tak\u017ce przynajmniej jeden spektakl dla doros\u0142ych, cho\u0107 granice te czasem si\u0119 zacieraj\u0105. Magia, jak\u0105 rozwija ta szczeg\u00f3lna forma teatralna, ujmuje zar\u00f3wno dzieci, jak i doros\u0142ych.<o:p><\/o:p><\/span><\/p>\n<\/div>\n<div>\n<p><span lang=\"PL\">Termin \u201eteatr figur\u201d u\u017cywany jest w sensie teatralnym dla odr\u00f3\u017cnienia od tradycyjnego teatru lalek lub teatru Punch and Judy; obejmuje szerok\u0105 dziedzin\u0119 przedstawie\u0144 teatralnych z u\u017cyciem lalek. Skupia si\u0119 na artystycznym teatrze lalkowym, teatrze przedmiotu oraz mieszaniu form postaci i r\u00f3\u017cnych sztuk. To tyle je\u015bli chodzi o definicj\u0119.<o:p><\/o:p><\/span><\/p>\n<\/div>\n<div>\n<p><span lang=\"PL\">Innymi s\u0142owy: teatr figur <span>\u00a0<\/span>czaruje \u2013 cz\u0142owiek jest zdumiony \u015brodkami, za pomoc\u0105 kt\u00f3rych opowiadane s\u0105 historie \u2013 to tak poetyckie i tak stymuluj\u0105ce. Taki rodzaj opowiadania sta\u0142 si\u0119 rzadko\u015bci\u0105, gdzie wszystko jest zawsze g\u0142o\u015bne, dopowiedziane i sko\u0144czone.<o:p><\/o:p><\/span><\/p>\n<\/div>\n[\/et_pb_text][\/et_pb_column][et_pb_column type=&#8221;1_2&#8243; _builder_version=&#8221;4.17.4&#8243; _module_preset=&#8221;default&#8221; global_colors_info=&#8221;{}&#8221;][et_pb_text _builder_version=&#8221;4.17.4&#8243; _module_preset=&#8221;default&#8221; hover_enabled=&#8221;0&#8243; global_colors_info=&#8221;{}&#8221; sticky_enabled=&#8221;0&#8243;]\n<p style=\"font-weight: 400;\">To, \u017ce wyobra\u017ania i zmys\u0142y s\u0105 dotykane w szczeg\u00f3lny spos\u00f3b jest tym, co osi\u0105ga teatr lalek i to jest to, czego my i nasze dzieci pilnie potrzebujemy. Wida\u0107 to po pe\u0142nych salach, dzieciach, kt\u00f3re odgrywaj\u0105 historie zaraz po spektaklu oraz u\u015bmiechni\u0119tych rodzicach i dziadkach.<\/p>\n<p style=\"font-weight: 400;\">W sobot\u0119 dzieci i doro\u015bli mog\u0105 jeszcze po po\u0142udniu, po spektaklu na dziedzi\u0144cu St. Spiritus, wsp\u00f3lnie bawi\u0107 si\u0119, opowiada\u0107, muzykowa\u0107 i wykonywa\u0107 r\u0119kodzie\u0142o. Wiele instytucji spo\u0142eczno-kulturalnych wspiera festiwal barwnym programem dzia\u0142a\u0144, kt\u00f3ry<br \/>cieszy si\u0119 bardzo du\u017c\u0105 popularno\u015bci\u0105.<\/p>\n<p style=\"font-weight: 400;\">Festiwal si\u0119 rozrasta, bo od jublileuszu 10-lecia zosta\u0142 przed\u0142u\u017cony do trzech dni i obejmuje cztery miejsca. FANTAKEL rozwija si\u0119 dzi\u0119ki owocnej wsp\u00f3\u0142pracy mi\u0119dzy Krajowym Zwi\u0105zkiem Socjokultury, Krajowym Zwi\u0105zkiem Teatr\u00f3w Niezale\u017cnych, St. Spiritus, Bibliotek\u0105 Miejsk\u0105 w Greifswaldzie, wszystkimi uczestnicz\u0105cymi stowarzyszeniami i oczywi\u015bcie przede wszystkim fantastycznymi teatrami oraz ma\u0142ymi i du\u017cymi mi\u0142o\u015bnikami teatru lalek.<\/p>\n<p>&nbsp;<\/p>\n[\/et_pb_text][\/et_pb_column][\/et_pb_row][et_pb_row _builder_version=&#8221;4.17.4&#8243; _module_preset=&#8221;default&#8221; global_colors_info=&#8221;{}&#8221;][et_pb_column type=&#8221;4_4&#8243; _builder_version=&#8221;4.17.4&#8243; _module_preset=&#8221;default&#8221; global_colors_info=&#8221;{}&#8221;][et_pb_divider _builder_version=&#8221;4.17.4&#8243; _module_preset=&#8221;default&#8221; global_colors_info=&#8221;{}&#8221;][\/et_pb_divider][et_pb_text _builder_version=&#8221;4.17.4&#8243; _module_preset=&#8221;default&#8221; header_2_font=&#8221;Cormorant Garamond|700|||||||&#8221; header_2_font_size=&#8221;40px&#8221; global_colors_info=&#8221;{}&#8221;]\n<h2>FANTAKEL &#8211; Wydarzenia  <\/h2>\n[\/et_pb_text][et_pb_blog fullwidth=&#8221;off&#8221; posts_number=&#8221;3&#8243; include_categories=&#8221;111&#8243; show_author=&#8221;off&#8221; show_date=&#8221;off&#8221; show_categories=&#8221;off&#8221; show_excerpt=&#8221;off&#8221; show_pagination=&#8221;off&#8221; _builder_version=&#8221;4.17.4&#8243; _module_preset=&#8221;default&#8221; global_colors_info=&#8221;{}&#8221;][\/et_pb_blog][\/et_pb_column][\/et_pb_row][\/et_pb_section]\n","protected":false},"excerpt":{"rendered":"<p>FANTAKEL Festiwal\u00a0Teatru Figur w Greifswaldzie Fantazja i spektakl Co roku we wrze\u015bniu na deptaku w Greifswaldzie mo\u017ce pojawi\u0107 si\u0119 bia\u0142y jednoro\u017cec lub inne szalone stworzenia, kolorowo umalowane dzieci lub zamy\u015bleni, [&hellip;]<\/p>\n","protected":false},"author":4,"featured_media":0,"parent":0,"menu_order":0,"comment_status":"closed","ping_status":"closed","template":"","meta":{"_et_pb_use_builder":"on","_et_pb_old_content":"","_et_gb_content_width":""},"acf":[],"_links":{"self":[{"href":"https:\/\/www.kulturzentrum.greifswald.de\/pl\/wp-json\/wp\/v2\/pages\/16910"}],"collection":[{"href":"https:\/\/www.kulturzentrum.greifswald.de\/pl\/wp-json\/wp\/v2\/pages"}],"about":[{"href":"https:\/\/www.kulturzentrum.greifswald.de\/pl\/wp-json\/wp\/v2\/types\/page"}],"author":[{"embeddable":true,"href":"https:\/\/www.kulturzentrum.greifswald.de\/pl\/wp-json\/wp\/v2\/users\/4"}],"replies":[{"embeddable":true,"href":"https:\/\/www.kulturzentrum.greifswald.de\/pl\/wp-json\/wp\/v2\/comments?post=16910"}],"version-history":[{"count":0,"href":"https:\/\/www.kulturzentrum.greifswald.de\/pl\/wp-json\/wp\/v2\/pages\/16910\/revisions"}],"wp:attachment":[{"href":"https:\/\/www.kulturzentrum.greifswald.de\/pl\/wp-json\/wp\/v2\/media?parent=16910"}],"curies":[{"name":"wp","href":"https:\/\/api.w.org\/{rel}","templated":true}]}}